{"id":255,"date":"2023-08-01T23:28:42","date_gmt":"2023-08-01T21:28:42","guid":{"rendered":"https:\/\/electricien-brest.fr\/?page_id=255"},"modified":"2023-08-02T00:00:23","modified_gmt":"2023-08-01T22:00:23","slug":"mentions-legales","status":"publish","type":"page","link":"https:\/\/electricien-brest.fr\/index.php\/mentions-legales\/","title":{"rendered":"Mentions l\u00e9gales"},"content":{"rendered":"\n<div class=\"wp-block-uagb-container uagb-block-ab3b9741 alignfull uagb-is-root-container\"><div class=\"uagb-container-inner-blocks-wrap\">\n<div class=\"wp-block-uagb-container uagb-block-b2279e6e\">\n<div class=\"wp-block-uagb-container uagb-block-6b6f6ab2\">\n<div class=\"wp-block-uagb-advanced-heading uagb-block-ad93708b\"><h2 class=\"uagb-heading-text\">Mentions l\u00e9gales<\/h2><\/div>\n<\/div>\n\n\n\n<div class=\"wp-block-uagb-container uagb-block-139332e2\">\n<p>Nom de l\u2019entreprise : \u00c9lectricien Brest<\/p>\n\n\n\n<p>H\u00e9bergement du site : OVH &#8211; 2 rue Kellermann &#8211; 59100 Roubaix &#8211; France<\/p>\n\n\n\n<p>\u00c9lectricien Brest est un site de l\u2019entreprise \u00c9lectricien Brest. Nous d\u00e9veloppons et optimisons des sites web sp\u00e9cialis\u00e9s dans les services d\u2019\u00e9lectricien \u00e0 Brest, que nous mettons \u00e0 disposition des entreprises locales. Notre approche transparente vous permet de b\u00e9n\u00e9ficier d\u2019une visibilit\u00e9 en ligne instantan\u00e9e, sans aucun engagement \u00e0 long terme. Vous payez uniquement pour les r\u00e9sultats concrets obtenus, en toute transparence avec notre entreprise d\u2019\u00e9lectricien \u00e0 Brest.<\/p>\n<\/div>\n<\/div>\n<\/div><\/div>\n","protected":false},"excerpt":{"rendered":"<p>Mentions l\u00e9gales Nom de l\u2019entreprise : \u00c9lectricien Brest H\u00e9bergement du site : OVH &#8211; 2 rue Kellermann &#8211; 59100 Roubaix &#8211; France \u00c9lectricien Brest est un site de l\u2019entreprise \u00c9lectricien Brest. Nous d\u00e9veloppons et optimisons des sites web sp\u00e9cialis\u00e9s dans les services d\u2019\u00e9lectricien \u00e0 Brest, que nous mettons \u00e0 disposition des entreprises locales. Notre approche &hellip;<\/p>\n<p class=\"read-more\"> <a class=\"\" href=\"https:\/\/electricien-brest.fr\/index.php\/mentions-legales\/\"> <span class=\"screen-reader-text\">Mentions l\u00e9gales<\/span> Lire la suite\u00a0\u00bb<\/a><\/p>\n","protected":false},"author":1,"featured_media":0,"parent":0,"menu_order":0,"comment_status":"closed","ping_status":"closed","template":"","meta":{"om_disable_all_campaigns":false,"_uag_custom_page_level_css":"","_monsterinsights_skip_tracking":false,"_monsterinsights_sitenote_active":false,"_monsterinsights_sitenote_note":"","_monsterinsights_sitenote_category":0,"site-sidebar-layout":"default","site-content-layout":"default","ast-global-header-display":"","ast-main-header-display":"","ast-hfb-above-header-display":"","ast-hfb-below-header-display":"","ast-hfb-mobile-header-display":"","site-post-title":"","ast-breadcrumbs-content":"","ast-featured-img":"","footer-sml-layout":"","theme-transparent-header-meta":"","adv-header-id-meta":"","stick-header-meta":"","header-above-stick-meta":"","header-main-stick-meta":"","header-below-stick-meta":"","footnotes":""},"class_list":["post-255","page","type-page","status-publish","hentry"],"aioseo_notices":[],"uagb_featured_image_src":{"full":false,"thumbnail":false,"medium":false,"medium_large":false,"large":false,"1536x1536":false,"2048x2048":false,"wpt-testimonial-thumbnail-60":false,"wpt-testimonial-thumbnail-80":false,"wpt-testimonial-thumbnail-100":false,"wpt-testimonial-thumbnail-120":false,"wpt-testimonial-thumbnail-140":false,"wpt-testimonial-thumbnail-200":false,"wpt-testimonial-thumbnail-360":false,"wpt-testimonial-thumbnail-390":false,"wpt-testimonial-thumbnail-460":false,"wpt-testimonial-thumbnail-554":false},"uagb_author_info":{"display_name":"admin2989","author_link":"https:\/\/electricien-brest.fr\/index.php\/author\/admin2989\/"},"uagb_comment_info":0,"uagb_excerpt":"Mentions l\u00e9gales Nom de l\u2019entreprise : \u00c9lectricien Brest H\u00e9bergement du site : OVH &#8211; 2 rue Kellermann &#8211; 59100 Roubaix &#8211; France \u00c9lectricien Brest est un site de l\u2019entreprise \u00c9lectricien Brest. Nous d\u00e9veloppons et optimisons des sites web sp\u00e9cialis\u00e9s dans les services d\u2019\u00e9lectricien \u00e0 Brest, que nous mettons \u00e0 disposition des entreprises locales. Notre approche\u2026","_links":{"self":[{"href":"https:\/\/electricien-brest.fr\/index.php\/wp-json\/wp\/v2\/pages\/255","targetHints":{"allow":["GET"]}}],"collection":[{"href":"https:\/\/electricien-brest.fr\/index.php\/wp-json\/wp\/v2\/pages"}],"about":[{"href":"https:\/\/electricien-brest.fr\/index.php\/wp-json\/wp\/v2\/types\/page"}],"author":[{"embeddable":true,"href":"https:\/\/electricien-brest.fr\/index.php\/wp-json\/wp\/v2\/users\/1"}],"replies":[{"embeddable":true,"href":"https:\/\/electricien-brest.fr\/index.php\/wp-json\/wp\/v2\/comments?post=255"}],"version-history":[{"count":5,"href":"https:\/\/electricien-brest.fr\/index.php\/wp-json\/wp\/v2\/pages\/255\/revisions"}],"predecessor-version":[{"id":292,"href":"https:\/\/electricien-brest.fr\/index.php\/wp-json\/wp\/v2\/pages\/255\/revisions\/292"}],"wp:attachment":[{"href":"https:\/\/electricien-brest.fr\/index.php\/wp-json\/wp\/v2\/media?parent=255"}],"curies":[{"name":"wp","href":"https:\/\/api.w.org\/{rel}","templated":true}]}}